{"id":1393,"date":"2020-08-02T17:02:03","date_gmt":"2020-08-02T22:02:03","guid":{"rendered":"https:\/\/nmrk.lat\/listings\/?page_id=1393"},"modified":"2024-09-02T12:31:14","modified_gmt":"2024-09-02T18:31:14","slug":"home","status":"publish","type":"page","link":"https:\/\/nmrk.lat\/listings\/","title":{"rendered":"Home"},"content":{"rendered":"\t\t<div data-elementor-type=\"wp-post\" data-elementor-id=\"1393\" class=\"elementor elementor-1393\" data-elementor-post-type=\"page\">\n\t\t\t\t\t\t<section class=\"elementor-section elementor-top-section elementor-element elementor-element-389ecc3 elementor-section-full_width elementor-section-height-default elementor-section-height-default\" data-id=\"389ecc3\" data-element_type=\"section\" data-e-type=\"section\" data-settings=\"{&quot;background_background&quot;:&quot;classic&quot;}\">\n\t\t\t\t\t\t<div class=\"elementor-container elementor-column-gap-default\">\n\t\t\t\t\t<div class=\"elementor-column elementor-col-100 elementor-top-column elementor-element elementor-element-1a1faa7\" data-id=\"1a1faa7\" data-element_type=\"column\" data-e-type=\"column\" data-settings=\"{&quot;background_background&quot;:&quot;classic&quot;}\">\n\t\t\t<div class=\"elementor-widget-wrap elementor-element-populated\">\n\t\t\t\t\t\t<div class=\"elementor-element elementor-element-eba06fa elementor-widget elementor-widget-heading\" data-id=\"eba06fa\" data-element_type=\"widget\" data-e-type=\"widget\" data-settings=\"{&quot;_animation&quot;:&quot;none&quot;}\" data-widget_type=\"heading.default\">\n\t\t\t\t<div class=\"elementor-widget-container\">\n\t\t\t\t\t<h1 class=\"elementor-heading-title elementor-size-default\">Propiedades en comercializaci\u00f3n<\/h1>\t\t\t\t<\/div>\n\t\t\t\t<\/div>\n\t\t\t\t<div class=\"elementor-element elementor-element-dc39028 elementor-widget elementor-widget-text-editor\" data-id=\"dc39028\" data-element_type=\"widget\" data-e-type=\"widget\" data-settings=\"{&quot;_animation&quot;:&quot;none&quot;}\" data-widget_type=\"text-editor.default\">\n\t\t\t\t<div class=\"elementor-widget-container\">\n\t\t\t\t\t\t\t\t\t<p>Explora diversos tipos de propiedades que nos encontramos comercializando en Am\u00e9rica Latina.<\/p>\t\t\t\t\t\t\t\t<\/div>\n\t\t\t\t<\/div>\n\t\t\t\t\t<\/div>\n\t\t<\/div>\n\t\t\t\t\t<\/div>\n\t\t<\/section>\n\t\t\t\t<section class=\"elementor-section elementor-top-section elementor-element elementor-element-c653203 elementor-section-boxed elementor-section-height-default elementor-section-height-default\" data-id=\"c653203\" data-element_type=\"section\" data-e-type=\"section\" data-settings=\"{&quot;background_background&quot;:&quot;classic&quot;,&quot;animation&quot;:&quot;none&quot;}\">\n\t\t\t\t\t\t<div class=\"elementor-container elementor-column-gap-default\">\n\t\t\t\t\t<div class=\"elementor-column elementor-col-100 elementor-top-column elementor-element elementor-element-8295f1b\" data-id=\"8295f1b\" data-element_type=\"column\" data-e-type=\"column\">\n\t\t\t<div class=\"elementor-widget-wrap elementor-element-populated\">\n\t\t\t\t\t\t<div class=\"elementor-element elementor-element-d758252 elementor-widget elementor-widget-shortcode\" data-id=\"d758252\" data-element_type=\"widget\" data-e-type=\"widget\" data-settings=\"{&quot;_animation&quot;:&quot;none&quot;}\" data-widget_type=\"shortcode.default\">\n\t\t\t\t<div class=\"elementor-widget-container\">\n\t\t\t\t\t\t\t<div class=\"elementor-shortcode\"><div class=\"wpl_property_listing_container  wpl-prp-disable-image-hover\" id=\"wpl_property_listing_container\">\r\n\t    \r\n        <div class=\"wpl_plisting_top_sidebar_container\">\r\n        <aside id=\"wpl_search_widget-3\" class=\"widget widget_wpl_search_widget\"><div id=\"wpl_default_search_3\">\r\n    <form action=\"https:\/\/nmrk.lat\/listings\/properties\/\" id=\"wpl_search_form_3\" method=\"GET\" onsubmit=\"return wpl_do_search_3('wpl_searchwidget_3');\" class=\"wpl_search_from_box clearfix wpl_search_kind0 wpl-search-default \">\r\n\r\n        <!-- Do not change the ID -->\r\n        <div id=\"wpl_searchwidget_3\" class=\"clearfix\">\r\n                        <div class=\"wpl_search_from_box_top\">\r\n                <div class=\"wpl_search_field_container wpl_search_field_property_types wpl_search_field_container_3 multiple_type \" id=\"wpl3_search_field_container_3\" style=\"\"><label>Tipo de propiedad<\/label><div class=\"wpl_searchwid_property_type_multiselect_container\">\r\n\t\t<select data-placeholder=\"Tipo de propiedad\" class=\"wpl_search_widget_field_property_type wpl_searchmod_property_type_multiselect\" id=\"sf3_multiple_property_type\" name=\"sf3_multiple_property_type\" multiple=\"multiple\"><option class=\"wpl_pt_parent wpl_pt_parent18\" value=\"13\" >Oficinas<\/option><option class=\"wpl_pt_parent wpl_pt_parent1\" value=\"6\" >Departamentos<\/option><option class=\"wpl_pt_parent wpl_pt_parent3\" value=\"14\" >Terrenos Industriales<\/option><option class=\"wpl_pt_parent wpl_pt_parent2\" value=\"15\" >Locales Comerciales<\/option><option class=\"wpl_pt_parent wpl_pt_parent17\" value=\"16\" >Naves Industriales<\/option><option class=\"wpl_pt_parent wpl_pt_parent1\" value=\"19\" >Casas<\/option><option class=\"wpl_pt_parent wpl_pt_parent3\" value=\"20\" >Terrenos Comerciales<\/option><option class=\"wpl_pt_parent wpl_pt_parent17\" value=\"21\" >Bodegas<\/option><option class=\"wpl_pt_parent wpl_pt_parent3\" value=\"22\" >Terrenos Vivienda<\/option><option class=\"wpl_pt_parent wpl_pt_parent1\" value=\"23\" >Terrenos Residenciales<\/option><option class=\"wpl_pt_parent wpl_pt_parent24\" value=\"25\" >Hoteles<\/option><option class=\"wpl_pt_parent wpl_pt_parent18\" value=\"27\" >Consultorios<\/option><option class=\"wpl_pt_parent wpl_pt_parent26\" value=\"28\" >Hospitales<\/option><option class=\"wpl_pt_parent wpl_pt_parent29\" value=\"30\" >Oficinas\/Consultorios\/Retail<\/option><option class=\"wpl_pt_parent wpl_pt_parent29\" value=\"31\" >Oficinas \/ Retail<\/option><option class=\"wpl_pt_parent wpl_pt_parent29\" value=\"33\" >Oficinas\/Retail\/Vivienda<\/option><option class=\"wpl_pt_parent wpl_pt_parent17\" value=\"32\" >Ofibodega<\/option><option class=\"wpl_pt_parent wpl_pt_parent29\" value=\"34\" >Mega Lote Usos Mixtos<\/option><option class=\"wpl_pt_parent wpl_pt_parent3\" value=\"35\" >Usos Mixtos<\/option><\/select><\/div><\/div><div class=\"wpl_search_field_container wpl_search_field_listings wpl_search_field_container_2 multiple_type \" id=\"wpl3_search_field_container_2\" style=\"\"><label for=\"sf3_select_listing\">Tipo de operaci\u00f3n<\/label><div class=\"wpl_searchwid_listing_multiselect_container\">\r\n\t\t<select data-placeholder=\"Tipo de operaci\u00f3n\"  data-placeholder=\"Tipo de operaci\u00f3n\" class=\"wpl_searchmod_listing_multiselect\" id=\"sf3_multiple_listing\" name=\"sf3_multiple_listing\" multiple=\"multiple\"><option value=\"9\" >Venta<\/option><option value=\"11\" >Venta\/Renta<\/option><option value=\"10\" >Renta<\/option><\/select><\/div><\/div><div class=\"wpl_search_field_container wpl_search_field_locations wpl_search_field_container_41 advanced_locationtextsearch_type \" id=\"wpl3_search_field_container_41\" style=\"\"><div class=\"wpl_search_widget_location_level_container\" id=\"wpl3_search_widget_location_level_container_advanced_location_text\"><input class=\"wpl_search_widget_location_textsearch\" value=\"\" name=\"sf3_advancedlocationtextsearch\" id=\"sf3_advancedlocationtextsearch\" placeholder=\"Pa\u00eds, ubicaci\u00f3n o #ID \" \/><input type=\"hidden\" value=\"\" name=\"sf3_advancedlocationcolumn\" id=\"sf3_advancedlocationcolumn\" \/><\/div><\/div>                                <div class=\"search_submit_box\">\r\n                    <input id=\"wpl_search_widget_submit3\" class=\"wpl_search_widget_submit\" data-widget-id=\"3\" data-ajax=\"0\" data-search-page=\"https:\/\/nmrk.lat\/listings\/properties\/\" data-kind=\"0\" data-nounce=\"443debe03c\" type=\"submit\" value=\"Buscar\"  \/>\r\n                                    <\/div>\r\n                                                    <div class=\"wpl_dashboard_links_container\">\r\n                                                                    <\/div>\r\n                            <\/div>\r\n            <div class=\"wpl_search_from_box_bot\" id=\"wpl_search_from_box_bot3\">\r\n                            <\/div>\r\n        <\/div>\r\n            <\/form>\r\n<\/div>\r\n\r\n<\/aside><aside id=\"wpl_search_widget-4\" class=\"widget widget_wpl_search_widget\"><div id=\"wpl_default_search_4\">\r\n    <form action=\"https:\/\/nmrk.lat\/listings\/properties\/\" id=\"wpl_search_form_4\" method=\"GET\" onsubmit=\"return wpl_do_search_4('wpl_searchwidget_4');\" class=\"wpl_search_from_box clearfix wpl_search_kind0 wpl-search-default \">\r\n\r\n        <!-- Do not change the ID -->\r\n        <div id=\"wpl_searchwidget_4\" class=\"clearfix\">\r\n                        <div class=\"wpl_search_from_box_top\">\r\n                <div class=\"wpl_search_field_container wpl_search_field_property_types wpl_search_field_container_3 multiple_type \" id=\"wpl4_search_field_container_3\" style=\"\"><label>Tipo de propiedad<\/label><div class=\"wpl_searchwid_property_type_multiselect_container\">\r\n\t\t<select data-placeholder=\"Tipo de propiedad\" class=\"wpl_search_widget_field_property_type wpl_searchmod_property_type_multiselect\" id=\"sf4_multiple_property_type\" name=\"sf4_multiple_property_type\" multiple=\"multiple\"><option class=\"wpl_pt_parent wpl_pt_parent18\" value=\"13\" >Oficinas<\/option><option class=\"wpl_pt_parent wpl_pt_parent1\" value=\"6\" >Departamentos<\/option><option class=\"wpl_pt_parent wpl_pt_parent3\" value=\"14\" >Terrenos Industriales<\/option><option class=\"wpl_pt_parent wpl_pt_parent2\" value=\"15\" >Locales Comerciales<\/option><option class=\"wpl_pt_parent wpl_pt_parent17\" value=\"16\" >Naves Industriales<\/option><option class=\"wpl_pt_parent wpl_pt_parent1\" value=\"19\" >Casas<\/option><option class=\"wpl_pt_parent wpl_pt_parent3\" value=\"20\" >Terrenos Comerciales<\/option><option class=\"wpl_pt_parent wpl_pt_parent17\" value=\"21\" >Bodegas<\/option><option class=\"wpl_pt_parent wpl_pt_parent3\" value=\"22\" >Terrenos Vivienda<\/option><option class=\"wpl_pt_parent wpl_pt_parent1\" value=\"23\" >Terrenos Residenciales<\/option><option class=\"wpl_pt_parent wpl_pt_parent24\" value=\"25\" >Hoteles<\/option><option class=\"wpl_pt_parent wpl_pt_parent18\" value=\"27\" >Consultorios<\/option><option class=\"wpl_pt_parent wpl_pt_parent26\" value=\"28\" >Hospitales<\/option><option class=\"wpl_pt_parent wpl_pt_parent29\" value=\"30\" >Oficinas\/Consultorios\/Retail<\/option><option class=\"wpl_pt_parent wpl_pt_parent29\" value=\"31\" >Oficinas \/ Retail<\/option><option class=\"wpl_pt_parent wpl_pt_parent29\" value=\"33\" >Oficinas\/Retail\/Vivienda<\/option><option class=\"wpl_pt_parent wpl_pt_parent17\" value=\"32\" >Ofibodega<\/option><option class=\"wpl_pt_parent wpl_pt_parent29\" value=\"34\" >Mega Lote Usos Mixtos<\/option><option class=\"wpl_pt_parent wpl_pt_parent3\" value=\"35\" >Usos Mixtos<\/option><\/select><\/div><\/div><div class=\"wpl_search_field_container wpl_search_field_listings wpl_search_field_container_2 multiple_type \" id=\"wpl4_search_field_container_2\" style=\"\"><label for=\"sf4_select_listing\">Tipo de operaci\u00f3n<\/label><div class=\"wpl_searchwid_listing_multiselect_container\">\r\n\t\t<select data-placeholder=\"Tipo de operaci\u00f3n\"  data-placeholder=\"Tipo de operaci\u00f3n\" class=\"wpl_searchmod_listing_multiselect\" id=\"sf4_multiple_listing\" name=\"sf4_multiple_listing\" multiple=\"multiple\"><option value=\"9\" >Venta<\/option><option value=\"11\" >Venta\/Renta<\/option><option value=\"10\" >Renta<\/option><\/select><\/div><\/div><div class=\"wpl_search_field_container wpl_search_field_locations wpl_search_field_container_41 advanced_locationtextsearch_type \" id=\"wpl4_search_field_container_41\" style=\"\"><div class=\"wpl_search_widget_location_level_container\" id=\"wpl4_search_widget_location_level_container_advanced_location_text\"><input class=\"wpl_search_widget_location_textsearch\" value=\"\" name=\"sf4_advancedlocationtextsearch\" id=\"sf4_advancedlocationtextsearch\" placeholder=\"Pa\u00eds, ubicaci\u00f3n o #ID \" \/><input type=\"hidden\" value=\"\" name=\"sf4_advancedlocationcolumn\" id=\"sf4_advancedlocationcolumn\" \/><\/div><\/div>                                <div class=\"search_submit_box\">\r\n                    <input id=\"wpl_search_widget_submit4\" class=\"wpl_search_widget_submit\" data-widget-id=\"4\" data-ajax=\"2\" data-search-page=\"https:\/\/nmrk.lat\/listings\/properties\/\" data-kind=\"0\" data-nounce=\"443debe03c\" type=\"submit\" value=\"Buscar\"  \/>\r\n                                    <\/div>\r\n                                                    <div class=\"wpl_dashboard_links_container\">\r\n                                                                    <\/div>\r\n                            <\/div>\r\n            <div class=\"wpl_search_from_box_bot\" id=\"wpl_search_from_box_bot4\">\r\n                            <\/div>\r\n        <\/div>\r\n            <\/form>\r\n<\/div>\r\n\r\n<\/aside>    <\/div>\r\n        \r\n        <div class=\"wpl_property_listing_list_view_container\">\r\n        <i id=\"map_view_handler\" class=\"map_view_handler cl\" style=\"display: none;\" onclick=\"map_view_toggle_listing()\">&nbsp;<\/i>\r\n\r\n<div class=\"wpl_sort_options_container\">\r\n\r\n            <div class=\"wpl_sort_options_container_title\">Orden<\/div>\r\n        <div class=\"wpl-sort-options-list active \"><ul><li><div class=\"wpl_plist_sort\" onclick=\"wpl_page_sortchange('wplorderby=p.mls_id&amp;wplorder=DESC');\">ID del Listado<\/div><\/li><li><div class=\"wpl_plist_sort\" onclick=\"wpl_page_sortchange('wplorderby=p.living_area_si&amp;wplorder=DESC');\">M2 construidos<\/div><\/li><li><div class=\"wpl_plist_sort\" onclick=\"wpl_page_sortchange('wplorderby=p.price_si&amp;wplorder=DESC');\">Precio<\/div><\/li><li><div class=\"wpl_plist_sort\" onclick=\"wpl_page_sortchange('wplorderby=p.pic_numb&amp;wplorder=DESC');\">Im\u00e1genes<\/div><\/li><li><div class=\"wpl_plist_sort wpl_plist_sort_active sort_down\" onclick=\"wpl_page_sortchange('wplorderby=p.add_date&amp;wplorder=ASC');\">A\u00f1adir fecha<\/div><\/li><li><div class=\"wpl_plist_sort\" onclick=\"wpl_page_sortchange('wplorderby=p.sp_featured&amp;wplorder=DESC');\">Destacada<\/div><\/li><\/ul><\/div>\r\n        <span class=\"wpl-sort-options-selectbox  wpl-util-hidden\"><select class=\"wpl_plist_sort\" onchange=\"wpl_page_sortchange(this.value);\"><option value=\"wplorderby=p.mls_id&amp;wplorder=DESC\" >ID del Listado descendente<\/option><option value=\"wplorderby=p.mls_id&amp;wplorder=ASC\" >ID del Listado ascendente<\/option><option value=\"wplorderby=p.living_area_si&amp;wplorder=DESC\" >M2 construidos descendente<\/option><option value=\"wplorderby=p.living_area_si&amp;wplorder=ASC\" >M2 construidos ascendente<\/option><option value=\"wplorderby=p.price_si&amp;wplorder=DESC\" >Precio descendente<\/option><option value=\"wplorderby=p.price_si&amp;wplorder=ASC\" >Precio ascendente<\/option><option value=\"wplorderby=p.pic_numb&amp;wplorder=DESC\" >Im\u00e1genes descendente<\/option><option value=\"wplorderby=p.pic_numb&amp;wplorder=ASC\" >Im\u00e1genes ascendente<\/option><option value=\"wplorderby=p.add_date&amp;wplorder=DESC\" selected=\"selected\">A\u00f1adir fecha descendente<\/option><option value=\"wplorderby=p.add_date&amp;wplorder=ASC\" >A\u00f1adir fecha ascendente<\/option><option value=\"wplorderby=p.sp_featured&amp;wplorder=DESC\" >Destacada descendente<\/option><option value=\"wplorderby=p.sp_featured&amp;wplorder=ASC\" >Destacada ascendente<\/option><\/select><\/span>\r\n        \r\n        <div class=\"wpl_list_grid_switcher \">\r\n        <div id=\"grid_view\" class=\"wpl-tooltip-top grid_view active\">\r\n                    <\/div>\r\n                    <div class=\"wpl-util-hidden\">Grid<\/div>\r\n        \r\n        <div id=\"list_view\" class=\"wpl-tooltip-top list_view \">\r\n                    <\/div>\r\n                    <div class=\"wpl-util-hidden\">Listado<\/div>\r\n        \r\n        \t\t\t<a class=\"wpl-tooltip-top map_view\" href=\"https:\/\/nmrk.lat\/listings\/wp-json\/wp\/v2\/pages\/1393?wplfmap=1&wplpcc=map_box\">\r\n\t\t\t\t\t\t\t<\/a>\r\n                            <div class=\"wpl-util-hidden\">Mapa<\/div>\r\n                        <\/div>\r\n    \r\n        \r\n        <div class=\"wpl-print-rp-wp\">\r\n        <a class=\"wpl-print-rp-link\" href=\"#\" onclick=\"wpl_generate_print_rp();\"><span><i class=\"fa fa-print\"><\/i><\/span><\/a>\r\n    <\/div>\r\n        \r\n        \r\n    <\/div>\r\n\r\n<div class=\"wpl-row wpl-expanded wpl-small-up-1 wpl-medium-up-2 wpl-large-up-3  wpl_property_listing_listings_container clearfix\">\r\n\r\n    \r\n    \t<div class=\"wpl-column\">\r\n\t\t<div class=\"wpl_prp_cont wpl_prp_cont_old\r\n\t\t\tgrid_box\"\r\n\t\t\t id=\"wpl_prp_cont971\"\r\n\t\t\t  >\r\n\t\t\t<div class=\"wpl_prp_top\">\r\n\t\t\t\t<div class=\"wpl_prp_top_boxes front\">\r\n\t\t\t\t\t<div class=\"wpl_gallery_container\" id=\"wpl_gallery_container971\">\r\n    <a class=\"noHover\" href=\"https:\/\/nmrk.lat\/listings\/properties\/971-Naves-Industriales-Quer%C3%A9taro\/\"><img  id=\"wpl_gallery_image971\" data-src=\"https:\/\/nmrk.lat\/listings\/wp-content\/uploads\/WPL\/971\/img_Screenshot-2026-04-09-123535.webp\" class=\"lazyimg wpl_gallery_image \" alt=\"Quer\u00e9taro, ,Naves Industriales,Renta,1871\" title=\"Quer\u00e9taro, ,Naves Industriales,Renta,1871\" width=\"auto\" height=\"272\" style=\"width: autopx; height: 272px;\" \/><\/a><\/div>\t\t\t\t<\/div>\r\n\t\t\t\t<div class=\"wpl_prp_top_boxes back\">\r\n\t\t\t\t\t<a  id=\"prp_link_id_971\" href=\"https:\/\/nmrk.lat\/listings\/properties\/971-Naves-Industriales-Quer%C3%A9taro\/\" class=\"view_detail\">Ver<\/a>\r\n\t\t\t\t<\/div>\r\n\t\t\t<\/div>\r\n\t\t\t<div class=\"wpl_prp_bot\">\r\n\t\t\t\t<div class=\"wpl_prp_title_wrap\">\r\n\t\t\t\t<a id=\"prp_link_id_971_view_detail\" href=\"https:\/\/nmrk.lat\/listings\/properties\/971-Naves-Industriales-Quer%C3%A9taro\/\" class=\"view_detail\" title=\"Nave Industrial en Renta en Quer\u00e9taro\">\r\n\t\t\t\t\t<h3 class=\"wpl_prp_title\"\t > Nave Industrial en Renta en Quer\u00e9taro<\/h3>\r\n\t\t\t\t<\/a>\r\n\r\n\t\t\t\t\t\t\t\t<h4 class=\"wpl_prp_listing_location\"><span   ><span >Quer\u00e9taro<\/span><\/span><\/h4>\r\n\t\t\t\t<\/div>\r\n\t\t\t\t\t\t\t\t<div class=\"wpl_prp_listing_icon_box\">\r\n\t\t\t\t\t<div class=\"built_up_area\">13,191<span>m&sup2;<\/span><\/div>\t\t\t\t\t\t\t\t\t<\/div>\r\n\t\t\t\t<div class=\"wpl_prp_desc\" >Nave Industrial en Renta de 4,322.78 m2.En ubicaci\u00f3n Privilegiada y con excelente acceso.<\/div>\r\n\t\t\t\t<div class=\"price_box\"  >\r\n\t\t\t\t\t<span >&nbsp;<\/span>\r\n\t\t\t\t<\/div>\r\n\t\t\t<\/div>\r\n\t\t\t\t\t\t\t<div class=\"wpl_prp_listing_type\">Renta<\/div>\r\n\t\t\t\r\n\t\t\t\t\t<\/div>\r\n\t<\/div>\r\n\t\t<div class=\"wpl-column\">\r\n\t\t<div class=\"wpl_prp_cont wpl_prp_cont_old\r\n\t\t\tgrid_box\"\r\n\t\t\t id=\"wpl_prp_cont970\"\r\n\t\t\t  >\r\n\t\t\t<div class=\"wpl_prp_top\">\r\n\t\t\t\t<div class=\"wpl_prp_top_boxes front\">\r\n\t\t\t\t\t<div class=\"wpl_gallery_container\" id=\"wpl_gallery_container970\">\r\n    <a class=\"noHover\" href=\"https:\/\/nmrk.lat\/listings\/properties\/970-Naves-Industriales-76729\/\"><img  id=\"wpl_gallery_image970\" data-src=\"https:\/\/nmrk.lat\/listings\/wp-content\/uploads\/WPL\/970\/img_IMG_20200504_131607.webp\" class=\"lazyimg wpl_gallery_image \" alt=\"76729, ,Naves Industriales,Venta\/Renta,1870\" title=\"76729, ,Naves Industriales,Venta\/Renta,1870\" width=\"auto\" height=\"272\" style=\"width: autopx; height: 272px;\" \/><\/a><\/div>\t\t\t\t<\/div>\r\n\t\t\t\t<div class=\"wpl_prp_top_boxes back\">\r\n\t\t\t\t\t<a  id=\"prp_link_id_970\" href=\"https:\/\/nmrk.lat\/listings\/properties\/970-Naves-Industriales-76729\/\" class=\"view_detail\">Ver<\/a>\r\n\t\t\t\t<\/div>\r\n\t\t\t<\/div>\r\n\t\t\t<div class=\"wpl_prp_bot\">\r\n\t\t\t\t<div class=\"wpl_prp_title_wrap\">\r\n\t\t\t\t<a id=\"prp_link_id_970_view_detail\" href=\"https:\/\/nmrk.lat\/listings\/properties\/970-Naves-Industriales-76729\/\" class=\"view_detail\" title=\"Nave Industrial de Grado Alimenticio en Renta o Venta en Quer\u00e9taro\">\r\n\t\t\t\t\t<h3 class=\"wpl_prp_title\"\t > Nave Industrial de Grado Alimenticio en Renta o Venta en Quer\u00e9taro<\/h3>\r\n\t\t\t\t<\/a>\r\n\r\n\t\t\t\t\t\t\t\t<h4 class=\"wpl_prp_listing_location\"><span   ><span >76729<\/span><\/span><\/h4>\r\n\t\t\t\t<\/div>\r\n\t\t\t\t\t\t\t\t<div class=\"wpl_prp_listing_icon_box\">\r\n\t\t\t\t\t<div class=\"built_up_area\">6,000<span>m&sup2;<\/span><\/div>\t\t\t\t\t\t\t\t\t<\/div>\r\n\t\t\t\t<div class=\"wpl_prp_desc\" >Nave Especializada de grado Alimenticio que cumple con los Est\u00e1ndares y caracteristicas de Grupo como Coca Cola.<\/div>\r\n\t\t\t\t<div class=\"price_box\"  >\r\n\t\t\t\t\t<span >&nbsp;<\/span>\r\n\t\t\t\t<\/div>\r\n\t\t\t<\/div>\r\n\t\t\t\t\t\t\t<div class=\"wpl_prp_listing_type\">Venta\/Renta<\/div>\r\n\t\t\t\r\n\t\t\t\t\t<\/div>\r\n\t<\/div>\r\n\t\t<div class=\"wpl-column\">\r\n\t\t<div class=\"wpl_prp_cont wpl_prp_cont_old\r\n\t\t\tgrid_box\"\r\n\t\t\t id=\"wpl_prp_cont958\"\r\n\t\t\t  >\r\n\t\t\t<div class=\"wpl_prp_top\">\r\n\t\t\t\t<div class=\"wpl_prp_top_boxes front\">\r\n\t\t\t\t\t<div class=\"wpl_gallery_container\" id=\"wpl_gallery_container958\">\r\n    <a class=\"noHover\" href=\"https:\/\/nmrk.lat\/listings\/properties\/958-Oficinas-San-Rafael-Escaz%C3%BA\/\"><img  id=\"wpl_gallery_image958\" data-src=\"https:\/\/nmrk.lat\/listings\/wp-content\/uploads\/WPL\/958\/img_4250485_98903168248621775401969224346136366753271500988779339376106380629689691919479.webp\" class=\"lazyimg wpl_gallery_image \" alt=\"Oficina \n Alquiler \n San Rafael de Escaz\u00fa.\n Escaz\u00fa\n\" title=\"Oficina \n Alquiler \n San Rafael de Escaz\u00fa.\n Escaz\u00fa\n\" width=\"auto\" height=\"272\" style=\"width: autopx; height: 272px;\" \/><\/a><\/div>\t\t\t\t<\/div>\r\n\t\t\t\t<div class=\"wpl_prp_top_boxes back\">\r\n\t\t\t\t\t<a  id=\"prp_link_id_958\" href=\"https:\/\/nmrk.lat\/listings\/properties\/958-Oficinas-San-Rafael-Escaz%C3%BA\/\" class=\"view_detail\">Ver<\/a>\r\n\t\t\t\t<\/div>\r\n\t\t\t<\/div>\r\n\t\t\t<div class=\"wpl_prp_bot\">\r\n\t\t\t\t<div class=\"wpl_prp_title_wrap\">\r\n\t\t\t\t<a id=\"prp_link_id_958_view_detail\" href=\"https:\/\/nmrk.lat\/listings\/properties\/958-Oficinas-San-Rafael-Escaz%C3%BA\/\" class=\"view_detail\" title=\"Oficinas en San Rafael de Escaz\u00fa\">\r\n\t\t\t\t\t<h3 class=\"wpl_prp_title\"\t > Oficinas en San Rafael de Escaz\u00fa<\/h3>\r\n\t\t\t\t<\/a>\r\n\r\n\t\t\t\t\t\t\t\t<h4 class=\"wpl_prp_listing_location\"><span   ><span >San Rafael, Escaz\u00fa<\/span><\/span><\/h4>\r\n\t\t\t\t<\/div>\r\n\t\t\t\t\t\t\t\t<div class=\"wpl_prp_listing_icon_box\">\r\n\t\t\t\t\t\t\t\t\t\t\t\t\t\t<\/div>\r\n\t\t\t\t<div class=\"wpl_prp_desc\" >REF: 14444- Oficina en alquiler en Escaz\u00fa bajo la modalidad Plug &amp; Play- Espacios completamente terminados y remodelados y listos para operar.-Excelentes ubicaci\u00f3n y accesos a ruta 27.- Cerca de parada de buses y transporte publico.- Todos los servicios caminando..- Contiguo a centro comercial que brinda conveniencia a los inquilinos.<\/div>\r\n\t\t\t\t<div class=\"price_box\"  >\r\n\t\t\t\t\t<span >&nbsp;<\/span>\r\n\t\t\t\t<\/div>\r\n\t\t\t<\/div>\r\n\t\t\t\t\t\t\t<div class=\"wpl_prp_listing_type\">Renta<\/div>\r\n\t\t\t\r\n\t\t\t\t\t<\/div>\r\n\t<\/div>\r\n\t\t<div class=\"wpl-column\">\r\n\t\t<div class=\"wpl_prp_cont wpl_prp_cont_old\r\n\t\t\tgrid_box\"\r\n\t\t\t id=\"wpl_prp_cont957\"\r\n\t\t\t  >\r\n\t\t\t<div class=\"wpl_prp_top\">\r\n\t\t\t\t<div class=\"wpl_prp_top_boxes front\">\r\n\t\t\t\t\t<div class=\"wpl_gallery_container\" id=\"wpl_gallery_container957\">\r\n    <a class=\"noHover\" href=\"https:\/\/nmrk.lat\/listings\/properties\/957-Oficinas-San-Rafael-Escaz%C3%BA\/\"><img  id=\"wpl_gallery_image957\" data-src=\"https:\/\/nmrk.lat\/listings\/wp-content\/uploads\/WPL\/957\/img_3757047_28303963698007454362596482962510986101630197312189182627666698422946942799850-1-.webp\" class=\"lazyimg wpl_gallery_image \" alt=\"Oficina\nalquiler\nEscaz\u00fa\nSan Rafael de Escaz\u00fa\" title=\"Oficina\nalquiler\nEscaz\u00fa\nSan Rafael de Escaz\u00fa\" width=\"auto\" height=\"272\" style=\"width: autopx; height: 272px;\" \/><\/a><\/div>\t\t\t\t<\/div>\r\n\t\t\t\t<div class=\"wpl_prp_top_boxes back\">\r\n\t\t\t\t\t<a  id=\"prp_link_id_957\" href=\"https:\/\/nmrk.lat\/listings\/properties\/957-Oficinas-San-Rafael-Escaz%C3%BA\/\" class=\"view_detail\">Ver<\/a>\r\n\t\t\t\t<\/div>\r\n\t\t\t<\/div>\r\n\t\t\t<div class=\"wpl_prp_bot\">\r\n\t\t\t\t<div class=\"wpl_prp_title_wrap\">\r\n\t\t\t\t<a id=\"prp_link_id_957_view_detail\" href=\"https:\/\/nmrk.lat\/listings\/properties\/957-Oficinas-San-Rafael-Escaz%C3%BA\/\" class=\"view_detail\" title=\"Oficinas en San Rafael de Escaz\u00fa\">\r\n\t\t\t\t\t<h3 class=\"wpl_prp_title\"\t > Oficinas en San Rafael de Escaz\u00fa<\/h3>\r\n\t\t\t\t<\/a>\r\n\r\n\t\t\t\t\t\t\t\t<h4 class=\"wpl_prp_listing_location\"><span   ><span >San Rafael, Escaz\u00fa<\/span><\/span><\/h4>\r\n\t\t\t\t<\/div>\r\n\t\t\t\t\t\t\t\t<div class=\"wpl_prp_listing_icon_box\">\r\n\t\t\t\t\t\t\t\t\t\t\t\t\t\t<\/div>\r\n\t\t\t\t<div class=\"wpl_prp_desc\" >REF: 14338- Oficina en alquiler en Escaz\u00fa bajo la modalidad Plug &amp; Play- Espacios completamente terminados y remodelados y listos para operar.- Excelentes ubicaci\u00f3n y accesos a ruta 27.- Cerca de parada de buses y transporte publico.- Todos los servicios caminando..- Contiguo a centro comercial que brinda conveniencia a los inquilinos.<\/div>\r\n\t\t\t\t<div class=\"price_box\"  >\r\n\t\t\t\t\t<span >&nbsp;<\/span>\r\n\t\t\t\t<\/div>\r\n\t\t\t<\/div>\r\n\t\t\t\t\t\t\t<div class=\"wpl_prp_listing_type\">Renta<\/div>\r\n\t\t\t\r\n\t\t\t\t\t<\/div>\r\n\t<\/div>\r\n\t\t<div class=\"wpl-column\">\r\n\t\t<div class=\"wpl_prp_cont wpl_prp_cont_old\r\n\t\t\tgrid_box\"\r\n\t\t\t id=\"wpl_prp_cont956\"\r\n\t\t\t  >\r\n\t\t\t<div class=\"wpl_prp_top\">\r\n\t\t\t\t<div class=\"wpl_prp_top_boxes front\">\r\n\t\t\t\t\t<div class=\"wpl_gallery_container\" id=\"wpl_gallery_container956\">\r\n    <a class=\"noHover\" href=\"https:\/\/nmrk.lat\/listings\/properties\/956-Oficinas-Calle-Blancos-San-Jos%C3%A9-Costa-Rica\/\"><img  id=\"wpl_gallery_image956\" data-src=\"https:\/\/nmrk.lat\/listings\/wp-content\/uploads\/WPL\/956\/img_image00003-1-.webp\" class=\"lazyimg wpl_gallery_image \" alt=\"Edificio\nCalle Blancos\nOficina\nClase A\nAlquiler\nOficentro\" title=\"Edificio\nCalle Blancos\nOficina\nClase A\nAlquiler\nOficentro\" width=\"auto\" height=\"272\" style=\"width: autopx; height: 272px;\" \/><\/a><\/div>\t\t\t\t<\/div>\r\n\t\t\t\t<div class=\"wpl_prp_top_boxes back\">\r\n\t\t\t\t\t<a  id=\"prp_link_id_956\" href=\"https:\/\/nmrk.lat\/listings\/properties\/956-Oficinas-Calle-Blancos-San-Jos%C3%A9-Costa-Rica\/\" class=\"view_detail\">Ver<\/a>\r\n\t\t\t\t<\/div>\r\n\t\t\t<\/div>\r\n\t\t\t<div class=\"wpl_prp_bot\">\r\n\t\t\t\t<div class=\"wpl_prp_title_wrap\">\r\n\t\t\t\t<a id=\"prp_link_id_956_view_detail\" href=\"https:\/\/nmrk.lat\/listings\/properties\/956-Oficinas-Calle-Blancos-San-Jos%C3%A9-Costa-Rica\/\" class=\"view_detail\" title=\"Centro Corporativo 100 Calle Blancos\">\r\n\t\t\t\t\t<h3 class=\"wpl_prp_title\"\t > Centro Corporativo 100 Calle Blancos<\/h3>\r\n\t\t\t\t<\/a>\r\n\r\n\t\t\t\t\t\t\t\t<h4 class=\"wpl_prp_listing_location\"><span   ><span >Calle Blancos, San Jos\u00e9, Costa Rica<\/span><\/span><\/h4>\r\n\t\t\t\t<\/div>\r\n\t\t\t\t\t\t\t\t<div class=\"wpl_prp_listing_icon_box\">\r\n\t\t\t\t\t\t\t\t\t\t\t\t\t\t<\/div>\r\n\t\t\t\t<div class=\"wpl_prp_desc\" >REF: ROF5129- Oficentro ubicado en Calle Blancos, a solo 1.5km del centro de San Jose.- Ofrece una ubicaci\u00f3n estrat\u00e9gica con acceso r\u00e1pido a los principales corredores viales y la tranquilidad de un entorno urbano consolidado.- Rodeado de centros poblacionales de alta densidad y de las principales universidades del pa\u00eds, adem\u00e1s de centros empresariales, bancos, restaurantes y servicios.<\/div>\r\n\t\t\t\t<div class=\"price_box\"  >\r\n\t\t\t\t\t<span >&nbsp;<\/span>\r\n\t\t\t\t<\/div>\r\n\t\t\t<\/div>\r\n\t\t\t\t\t\t\t<div class=\"wpl_prp_listing_type\">Renta<\/div>\r\n\t\t\t\r\n\t\t\t\t\t<\/div>\r\n\t<\/div>\r\n\t\t<div class=\"wpl-column\">\r\n\t\t<div class=\"wpl_prp_cont wpl_prp_cont_old\r\n\t\t\tgrid_box\"\r\n\t\t\t id=\"wpl_prp_cont955\"\r\n\t\t\t  >\r\n\t\t\t<div class=\"wpl_prp_top\">\r\n\t\t\t\t<div class=\"wpl_prp_top_boxes front\">\r\n\t\t\t\t\t<div class=\"wpl_gallery_container\" id=\"wpl_gallery_container955\">\r\n    <a class=\"noHover\" href=\"https:\/\/nmrk.lat\/listings\/properties\/955-Oficinas-Calle-Blancos-San-Jos%C3%A9-Costa-Rica\/\"><img  id=\"wpl_gallery_image955\" data-src=\"https:\/\/nmrk.lat\/listings\/wp-content\/uploads\/WPL\/955\/img_image00010-1-.webp\" class=\"lazyimg wpl_gallery_image \" alt=\"Oficentro\nClase A\nOficina\nAlquiler\nCalle Blancos\n\n\" title=\"Oficentro\nClase A\nOficina\nAlquiler\nCalle Blancos\n\n\" width=\"auto\" height=\"272\" style=\"width: autopx; height: 272px;\" \/><\/a><\/div>\t\t\t\t<\/div>\r\n\t\t\t\t<div class=\"wpl_prp_top_boxes back\">\r\n\t\t\t\t\t<a  id=\"prp_link_id_955\" href=\"https:\/\/nmrk.lat\/listings\/properties\/955-Oficinas-Calle-Blancos-San-Jos%C3%A9-Costa-Rica\/\" class=\"view_detail\">Ver<\/a>\r\n\t\t\t\t<\/div>\r\n\t\t\t<\/div>\r\n\t\t\t<div class=\"wpl_prp_bot\">\r\n\t\t\t\t<div class=\"wpl_prp_title_wrap\">\r\n\t\t\t\t<a id=\"prp_link_id_955_view_detail\" href=\"https:\/\/nmrk.lat\/listings\/properties\/955-Oficinas-Calle-Blancos-San-Jos%C3%A9-Costa-Rica\/\" class=\"view_detail\" title=\"Centro Corporativo 100 Calle Blancos\">\r\n\t\t\t\t\t<h3 class=\"wpl_prp_title\"\t > Centro Corporativo 100 Calle Blancos<\/h3>\r\n\t\t\t\t<\/a>\r\n\r\n\t\t\t\t\t\t\t\t<h4 class=\"wpl_prp_listing_location\"><span   ><span >Calle Blancos, San Jos\u00e9, Costa Rica<\/span><\/span><\/h4>\r\n\t\t\t\t<\/div>\r\n\t\t\t\t\t\t\t\t<div class=\"wpl_prp_listing_icon_box\">\r\n\t\t\t\t\t\t\t\t\t\t\t\t\t\t<\/div>\r\n\t\t\t\t<div class=\"wpl_prp_desc\" >REF:ROF9860- Oficentro ubicado en Calle Blancos, a solo 1.5km del centro de San Jose.- Ofrece una ubicaci\u00f3n estrat\u00e9gica con acceso r\u00e1pido a los principales corredores viales y la tranquilidad de un entorno urbano consolidado.- Rodeado de centros poblacionales de alta densidad y de las principales universidades del pa\u00eds, adem\u00e1s de centros empresariales, bancos, restaurantes y servicios.<\/div>\r\n\t\t\t\t<div class=\"price_box\"  >\r\n\t\t\t\t\t<span >&nbsp;<\/span>\r\n\t\t\t\t<\/div>\r\n\t\t\t<\/div>\r\n\t\t\t\t\t\t\t<div class=\"wpl_prp_listing_type\">Renta<\/div>\r\n\t\t\t\r\n\t\t\t\t\t<\/div>\r\n\t<\/div>\r\n\t\t<div class=\"wpl-column\">\r\n\t\t<div class=\"wpl_prp_cont wpl_prp_cont_old\r\n\t\t\tgrid_box\"\r\n\t\t\t id=\"wpl_prp_cont954\"\r\n\t\t\t  >\r\n\t\t\t<div class=\"wpl_prp_top\">\r\n\t\t\t\t<div class=\"wpl_prp_top_boxes front\">\r\n\t\t\t\t\t<div class=\"wpl_gallery_container\" id=\"wpl_gallery_container954\">\r\n    <a class=\"noHover\" href=\"https:\/\/nmrk.lat\/listings\/properties\/954-Oficinas-Calle-Blancos-San-Jos%C3%A9-Costa-Rica\/\"><img  id=\"wpl_gallery_image954\" data-src=\"https:\/\/nmrk.lat\/listings\/wp-content\/uploads\/WPL\/954\/img_image00002-1-.webp\" class=\"lazyimg wpl_gallery_image \" alt=\"Clase A\nOficina\nCalle Blancos\nAlquiler\n\" title=\"Clase A\nOficina\nCalle Blancos\nAlquiler\n\" width=\"auto\" height=\"272\" style=\"width: autopx; height: 272px;\" \/><\/a><\/div>\t\t\t\t<\/div>\r\n\t\t\t\t<div class=\"wpl_prp_top_boxes back\">\r\n\t\t\t\t\t<a  id=\"prp_link_id_954\" href=\"https:\/\/nmrk.lat\/listings\/properties\/954-Oficinas-Calle-Blancos-San-Jos%C3%A9-Costa-Rica\/\" class=\"view_detail\">Ver<\/a>\r\n\t\t\t\t<\/div>\r\n\t\t\t<\/div>\r\n\t\t\t<div class=\"wpl_prp_bot\">\r\n\t\t\t\t<div class=\"wpl_prp_title_wrap\">\r\n\t\t\t\t<a id=\"prp_link_id_954_view_detail\" href=\"https:\/\/nmrk.lat\/listings\/properties\/954-Oficinas-Calle-Blancos-San-Jos%C3%A9-Costa-Rica\/\" class=\"view_detail\" title=\"Centro Corporativo 100 Calle Blancos\">\r\n\t\t\t\t\t<h3 class=\"wpl_prp_title\"\t > Centro Corporativo 100 Calle Blancos<\/h3>\r\n\t\t\t\t<\/a>\r\n\r\n\t\t\t\t\t\t\t\t<h4 class=\"wpl_prp_listing_location\"><span   ><span >Calle Blancos, San Jos\u00e9, Costa Rica<\/span><\/span><\/h4>\r\n\t\t\t\t<\/div>\r\n\t\t\t\t\t\t\t\t<div class=\"wpl_prp_listing_icon_box\">\r\n\t\t\t\t\t\t\t\t\t\t\t\t\t\t<\/div>\r\n\t\t\t\t<div class=\"wpl_prp_desc\" >REF: ROF8467- Oficentro ubicado en Calle Blancos, a solo 1.5km del centro de San Jose.- Ofrece una ubicaci\u00f3n estrat\u00e9gica con acceso r\u00e1pido a los principales corredores viales y la tranquilidad de un entorno urbano consolidado.- Rodeado de centros poblacionales de alta densidad y de las principales universidades del pa\u00eds, adem\u00e1s de centros empresariales, bancos, restaurantes y servicios.<\/div>\r\n\t\t\t\t<div class=\"price_box\"  >\r\n\t\t\t\t\t<span >&nbsp;<\/span>\r\n\t\t\t\t<\/div>\r\n\t\t\t<\/div>\r\n\t\t\t\t\t\t\t<div class=\"wpl_prp_listing_type\">Renta<\/div>\r\n\t\t\t\r\n\t\t\t\t\t<\/div>\r\n\t<\/div>\r\n\t\t<div class=\"wpl-column\">\r\n\t\t<div class=\"wpl_prp_cont wpl_prp_cont_old\r\n\t\t\tgrid_box\"\r\n\t\t\t id=\"wpl_prp_cont953\"\r\n\t\t\t  >\r\n\t\t\t<div class=\"wpl_prp_top\">\r\n\t\t\t\t<div class=\"wpl_prp_top_boxes front\">\r\n\t\t\t\t\t<div class=\"wpl_gallery_container\" id=\"wpl_gallery_container953\">\r\n    <a class=\"noHover\" href=\"https:\/\/nmrk.lat\/listings\/properties\/953-Oficinas-Calle-Blancos-San-Jos%C3%A9-Costa-Rica\/\"><img  id=\"wpl_gallery_image953\" data-src=\"https:\/\/nmrk.lat\/listings\/wp-content\/uploads\/WPL\/953\/img_image00011.webp\" class=\"lazyimg wpl_gallery_image \" alt=\"Oficina \nAlquiler\nCalle Blancos\nOficentro\nClase A\n\" title=\"Oficina \nAlquiler\nCalle Blancos\nOficentro\nClase A\n\" width=\"auto\" height=\"272\" style=\"width: autopx; height: 272px;\" \/><\/a><\/div>\t\t\t\t<\/div>\r\n\t\t\t\t<div class=\"wpl_prp_top_boxes back\">\r\n\t\t\t\t\t<a  id=\"prp_link_id_953\" href=\"https:\/\/nmrk.lat\/listings\/properties\/953-Oficinas-Calle-Blancos-San-Jos%C3%A9-Costa-Rica\/\" class=\"view_detail\">Ver<\/a>\r\n\t\t\t\t<\/div>\r\n\t\t\t<\/div>\r\n\t\t\t<div class=\"wpl_prp_bot\">\r\n\t\t\t\t<div class=\"wpl_prp_title_wrap\">\r\n\t\t\t\t<a id=\"prp_link_id_953_view_detail\" href=\"https:\/\/nmrk.lat\/listings\/properties\/953-Oficinas-Calle-Blancos-San-Jos%C3%A9-Costa-Rica\/\" class=\"view_detail\" title=\"Centro Corporativo 100 Calle Blancos\">\r\n\t\t\t\t\t<h3 class=\"wpl_prp_title\"\t > Centro Corporativo 100 Calle Blancos<\/h3>\r\n\t\t\t\t<\/a>\r\n\r\n\t\t\t\t\t\t\t\t<h4 class=\"wpl_prp_listing_location\"><span   ><span >Calle Blancos, San Jos\u00e9, Costa Rica<\/span><\/span><\/h4>\r\n\t\t\t\t<\/div>\r\n\t\t\t\t\t\t\t\t<div class=\"wpl_prp_listing_icon_box\">\r\n\t\t\t\t\t\t\t\t\t\t\t\t\t\t<\/div>\r\n\t\t\t\t<div class=\"wpl_prp_desc\" >REF: ROF8405- Oficentro ubicado en Calle Blancos, a solo 1.5km del centro de San Jose.- Ofrece una ubicaci\u00f3n estrat\u00e9gica con acceso r\u00e1pido a los principales corredores viales y la tranquilidad de un entorno urbano consolidado.- Rodeado de centros poblacionales de alta densidad y de las principales universidades del pa\u00eds, adem\u00e1s de centros empresariales, bancos, restaurantes y servicios.<\/div>\r\n\t\t\t\t<div class=\"price_box\"  >\r\n\t\t\t\t\t<span >&nbsp;<\/span>\r\n\t\t\t\t<\/div>\r\n\t\t\t<\/div>\r\n\t\t\t\t\t\t\t<div class=\"wpl_prp_listing_type\">Renta<\/div>\r\n\t\t\t\r\n\t\t\t\t\t<\/div>\r\n\t<\/div>\r\n\t\t<div class=\"wpl-column\">\r\n\t\t<div class=\"wpl_prp_cont wpl_prp_cont_old\r\n\t\t\tgrid_box\"\r\n\t\t\t id=\"wpl_prp_cont952\"\r\n\t\t\t  >\r\n\t\t\t<div class=\"wpl_prp_top\">\r\n\t\t\t\t<div class=\"wpl_prp_top_boxes front\">\r\n\t\t\t\t\t<div class=\"wpl_gallery_container\" id=\"wpl_gallery_container952\">\r\n    <a class=\"noHover\" href=\"https:\/\/nmrk.lat\/listings\/properties\/952-Oficinas-Calle-Blancos-San-Jos%C3%A9-Costa-Rica\/\"><img  id=\"wpl_gallery_image952\" data-src=\"https:\/\/nmrk.lat\/listings\/wp-content\/uploads\/WPL\/952\/img_7488423_31571146159632457140312653729738795253123854461325468734314494181450079761203.webp\" class=\"lazyimg wpl_gallery_image \" alt=\"Edificio\nVenta\nCalle Blancos\nClase A\nAlquiler\n\" title=\"Edificio\nVenta\nCalle Blancos\nClase A\nAlquiler\n\" width=\"auto\" height=\"272\" style=\"width: autopx; height: 272px;\" \/><\/a><\/div>\t\t\t\t<\/div>\r\n\t\t\t\t<div class=\"wpl_prp_top_boxes back\">\r\n\t\t\t\t\t<a  id=\"prp_link_id_952\" href=\"https:\/\/nmrk.lat\/listings\/properties\/952-Oficinas-Calle-Blancos-San-Jos%C3%A9-Costa-Rica\/\" class=\"view_detail\">Ver<\/a>\r\n\t\t\t\t<\/div>\r\n\t\t\t<\/div>\r\n\t\t\t<div class=\"wpl_prp_bot\">\r\n\t\t\t\t<div class=\"wpl_prp_title_wrap\">\r\n\t\t\t\t<a id=\"prp_link_id_952_view_detail\" href=\"https:\/\/nmrk.lat\/listings\/properties\/952-Oficinas-Calle-Blancos-San-Jos%C3%A9-Costa-Rica\/\" class=\"view_detail\" title=\"Centro Corporativo 100 Calle Blancos\">\r\n\t\t\t\t\t<h3 class=\"wpl_prp_title\"\t > Centro Corporativo 100 Calle Blancos<\/h3>\r\n\t\t\t\t<\/a>\r\n\r\n\t\t\t\t\t\t\t\t<h4 class=\"wpl_prp_listing_location\"><span   ><span >Calle Blancos, San Jos\u00e9, Costa Rica<\/span><\/span><\/h4>\r\n\t\t\t\t<\/div>\r\n\t\t\t\t\t\t\t\t<div class=\"wpl_prp_listing_icon_box\">\r\n\t\t\t\t\t\t\t\t\t\t\t\t\t\t<\/div>\r\n\t\t\t\t<div class=\"wpl_prp_desc\" >REF: 13945- Oficentro ubicado en Calle Blancos, a solo 1.5km del centro de San Jose.- Ofrece una ubicaci\u00f3n estrat\u00e9gica con acceso r\u00e1pido a los principales corredores viales y la tranquilidad de un entorno urbano consolidado.- Rodeado de centros poblacionales de alta densidad y de las principales universidades del pa\u00eds, adem\u00e1s de centros empresariales, bancos, restaurantes y servicios.<\/div>\r\n\t\t\t\t<div class=\"price_box\"  >\r\n\t\t\t\t\t<span >&nbsp;<\/span>\r\n\t\t\t\t<\/div>\r\n\t\t\t<\/div>\r\n\t\t\t\t\t\t\t<div class=\"wpl_prp_listing_type\">Renta<\/div>\r\n\t\t\t\r\n\t\t\t\t\t<\/div>\r\n\t<\/div>\r\n\t\t<div class=\"wpl-column\">\r\n\t\t<div class=\"wpl_prp_cont wpl_prp_cont_old\r\n\t\t\tgrid_box\"\r\n\t\t\t id=\"wpl_prp_cont951\"\r\n\t\t\t  >\r\n\t\t\t<div class=\"wpl_prp_top\">\r\n\t\t\t\t<div class=\"wpl_prp_top_boxes front\">\r\n\t\t\t\t\t<div class=\"wpl_gallery_container\" id=\"wpl_gallery_container951\">\r\n    <a class=\"noHover\" href=\"https:\/\/nmrk.lat\/listings\/properties\/951-Oficinas-Costa-del-Este-Panam%C3%A1-USD3-300\/\"><img  id=\"wpl_gallery_image951\" data-src=\"https:\/\/nmrk.lat\/listings\/wp-content\/uploads\/WPL\/951\/img_IMG_0224.webp\" class=\"lazyimg wpl_gallery_image \" alt=\"Costa del Este, Panam\u00e1, ,Oficinas,Renta,1851\" title=\"Costa del Este, Panam\u00e1, ,Oficinas,Renta,1851\" width=\"auto\" height=\"272\" style=\"width: autopx; height: 272px;\" \/><\/a><\/div>\t\t\t\t<\/div>\r\n\t\t\t\t<div class=\"wpl_prp_top_boxes back\">\r\n\t\t\t\t\t<a  id=\"prp_link_id_951\" href=\"https:\/\/nmrk.lat\/listings\/properties\/951-Oficinas-Costa-del-Este-Panam%C3%A1-USD3-300\/\" class=\"view_detail\">Ver<\/a>\r\n\t\t\t\t<\/div>\r\n\t\t\t<\/div>\r\n\t\t\t<div class=\"wpl_prp_bot\">\r\n\t\t\t\t<div class=\"wpl_prp_title_wrap\">\r\n\t\t\t\t<a id=\"prp_link_id_951_view_detail\" href=\"https:\/\/nmrk.lat\/listings\/properties\/951-Oficinas-Costa-del-Este-Panam%C3%A1-USD3-300\/\" class=\"view_detail\" title=\"Oficina en Financial Park\">\r\n\t\t\t\t\t<h3 class=\"wpl_prp_title\"\t > Oficina en Financial Park<\/h3>\r\n\t\t\t\t<\/a>\r\n\r\n\t\t\t\t\t\t\t\t<h4 class=\"wpl_prp_listing_location\"><span   ><span >Costa del Este, Panam\u00e1<\/span><\/span><\/h4>\r\n\t\t\t\t<\/div>\r\n\t\t\t\t\t\t\t\t<div class=\"wpl_prp_listing_icon_box\">\r\n\t\t\t\t\t\t\t\t\t\t\t\t\t\t<\/div>\r\n\t\t\t\t<div class=\"wpl_prp_desc\" >Oficina 37B de Torre Financial Park, Costa del Este.Edificio ubicado en la salida del Corredor Sur y Blvd Costa del Este.Oficina disponible piso alto, vista al mar y amueblada, sal\u00f3n de conferencia, \u00e1rea abierta y oficinas cerradas.<\/div>\r\n\t\t\t\t<div class=\"price_box\"  >\r\n\t\t\t\t\t<span >$ USD3,300<\/span>\r\n\t\t\t\t<\/div>\r\n\t\t\t<\/div>\r\n\t\t\t\t\t\t\t<div class=\"wpl_prp_listing_type\">Renta<\/div>\r\n\t\t\t\r\n\t\t\t\t\t<\/div>\r\n\t<\/div>\r\n\t\t<div class=\"wpl-column\">\r\n\t\t<div class=\"wpl_prp_cont wpl_prp_cont_old\r\n\t\t\tgrid_box\"\r\n\t\t\t id=\"wpl_prp_cont950\"\r\n\t\t\t  >\r\n\t\t\t<div class=\"wpl_prp_top\">\r\n\t\t\t\t<div class=\"wpl_prp_top_boxes front\">\r\n\t\t\t\t\t<div class=\"wpl_gallery_container\" id=\"wpl_gallery_container950\">\r\n    <a class=\"noHover\" href=\"https:\/\/nmrk.lat\/listings\/properties\/950-Oficinas-Costa-del-Este-Panam%C3%A1-USD3-200\/\"><img  id=\"wpl_gallery_image950\" data-src=\"https:\/\/nmrk.lat\/listings\/wp-content\/uploads\/WPL\/950\/img_IMG_4950.webp\" class=\"lazyimg wpl_gallery_image \" alt=\"Costa del Este, Panam\u00e1, ,Oficinas,Renta,1850\" title=\"Costa del Este, Panam\u00e1, ,Oficinas,Renta,1850\" width=\"auto\" height=\"272\" style=\"width: autopx; height: 272px;\" \/><\/a><\/div>\t\t\t\t<\/div>\r\n\t\t\t\t<div class=\"wpl_prp_top_boxes back\">\r\n\t\t\t\t\t<a  id=\"prp_link_id_950\" href=\"https:\/\/nmrk.lat\/listings\/properties\/950-Oficinas-Costa-del-Este-Panam%C3%A1-USD3-200\/\" class=\"view_detail\">Ver<\/a>\r\n\t\t\t\t<\/div>\r\n\t\t\t<\/div>\r\n\t\t\t<div class=\"wpl_prp_bot\">\r\n\t\t\t\t<div class=\"wpl_prp_title_wrap\">\r\n\t\t\t\t<a id=\"prp_link_id_950_view_detail\" href=\"https:\/\/nmrk.lat\/listings\/properties\/950-Oficinas-Costa-del-Este-Panam%C3%A1-USD3-200\/\" class=\"view_detail\" title=\"Oficina en Financial Park \">\r\n\t\t\t\t\t<h3 class=\"wpl_prp_title\"\t > Oficina en Financial Park <\/h3>\r\n\t\t\t\t<\/a>\r\n\r\n\t\t\t\t\t\t\t\t<h4 class=\"wpl_prp_listing_location\"><span   ><span >Costa del Este, Panam\u00e1<\/span><\/span><\/h4>\r\n\t\t\t\t<\/div>\r\n\t\t\t\t\t\t\t\t<div class=\"wpl_prp_listing_icon_box\">\r\n\t\t\t\t\t\t\t\t\t\t\t\t\t\t<\/div>\r\n\t\t\t\t<div class=\"wpl_prp_desc\" >Oficina 37B en Torre Financial Park, Costa del Este.Edificio cuenta con valet parking, banco, restaurantes, caf\u00e9s, control de acceso en el lobby y estacionamientos de visita.<\/div>\r\n\t\t\t\t<div class=\"price_box\"  >\r\n\t\t\t\t\t<span >$ USD3,200 Mensuales<\/span>\r\n\t\t\t\t<\/div>\r\n\t\t\t<\/div>\r\n\t\t\t\t\t\t\t<div class=\"wpl_prp_listing_type\">Renta<\/div>\r\n\t\t\t\r\n\t\t\t\t\t<\/div>\r\n\t<\/div>\r\n\t\t<div class=\"wpl-column\">\r\n\t\t<div class=\"wpl_prp_cont wpl_prp_cont_old\r\n\t\t\tgrid_box\"\r\n\t\t\t id=\"wpl_prp_cont947\"\r\n\t\t\t  >\r\n\t\t\t<div class=\"wpl_prp_top\">\r\n\t\t\t\t<div class=\"wpl_prp_top_boxes front\">\r\n\t\t\t\t\t<div class=\"wpl_gallery_container\" id=\"wpl_gallery_container947\">\r\n    <a class=\"noHover\" href=\"https:\/\/nmrk.lat\/listings\/properties\/947-Terrenos-Industriales-Lim%C3%B3n-USD1-206-741\/\"><img  id=\"wpl_gallery_image947\" data-src=\"https:\/\/nmrk.lat\/listings\/wp-content\/uploads\/WPL\/947\/img_Captura-de-pantalla-2025-03-09-a-la-s-3.40.09\u202fp.\u00a0m..webp\" class=\"lazyimg wpl_gallery_image \" alt=\"Terreno \nVenta\nLim\u00f3n\nIndustrial\n\" title=\"Terreno \nVenta\nLim\u00f3n\nIndustrial\n\" width=\"auto\" height=\"272\" style=\"width: autopx; height: 272px;\" \/><\/a><\/div>\t\t\t\t<\/div>\r\n\t\t\t\t<div class=\"wpl_prp_top_boxes back\">\r\n\t\t\t\t\t<a  id=\"prp_link_id_947\" href=\"https:\/\/nmrk.lat\/listings\/properties\/947-Terrenos-Industriales-Lim%C3%B3n-USD1-206-741\/\" class=\"view_detail\">Ver<\/a>\r\n\t\t\t\t<\/div>\r\n\t\t\t<\/div>\r\n\t\t\t<div class=\"wpl_prp_bot\">\r\n\t\t\t\t<div class=\"wpl_prp_title_wrap\">\r\n\t\t\t\t<a id=\"prp_link_id_947_view_detail\" href=\"https:\/\/nmrk.lat\/listings\/properties\/947-Terrenos-Industriales-Lim%C3%B3n-USD1-206-741\/\" class=\"view_detail\" title=\"Terreno en venta en Lim\u00f3n\">\r\n\t\t\t\t\t<h3 class=\"wpl_prp_title\"\t > Terreno en venta en Lim\u00f3n<\/h3>\r\n\t\t\t\t<\/a>\r\n\r\n\t\t\t\t\t\t\t\t<h4 class=\"wpl_prp_listing_location\"><span   ><span >Lim\u00f3n<\/span><\/span><\/h4>\r\n\t\t\t\t<\/div>\r\n\t\t\t\t\t\t\t\t<div class=\"wpl_prp_listing_icon_box\">\r\n\t\t\t\t\t<div class=\"built_up_area\">54,852<span>m&sup2;<\/span><\/div>\t\t\t\t\t\t\t\t\t<\/div>\r\n\t\t\t\t<div class=\"wpl_prp_desc\" >REF: 14828-Terreno en venta en Lim\u00f3n.-Ubicaci\u00f3n estrat\u00e9gica y privilegiada a pocos metros de APM Terminals y de Puerto Mo\u00edn.-En Zona Industrial Log\u00edstica de Lim\u00f3n por excelencia.-Apta para servicios portuarios-Uso de suelo mixto (Industrial-Comercial)-100% Exposici\u00f3n Visual-Terreno de superficie plana en su mayor\u00eda , solo posee inclinaci\u00f3n (tipo colina) en el centro de este.<\/div>\r\n\t\t\t\t<div class=\"price_box\"  >\r\n\t\t\t\t\t<span >$ USD1,206,741<\/span>\r\n\t\t\t\t<\/div>\r\n\t\t\t<\/div>\r\n\t\t\t\t\t\t\t<div class=\"wpl_prp_listing_type\">Venta<\/div>\r\n\t\t\t\r\n\t\t\t\t\t<\/div>\r\n\t<\/div>\r\n\t\r\n<\/div>\r\n\r\n<div class=\"wpl_pagination_container\">\r\n    <ul class=\"pagination\"><li class=\"prev disabled\"><a href=\"#\">Anterior<\/a><\/li><li class=\"active\"><a href=\"#\">1<\/a><\/li><li><a href=\"https:\/\/nmrk.lat\/listings\/wp-json\/wp\/v2\/pages\/1393?wplpage=2\">2<\/a><\/li><li><a href=\"https:\/\/nmrk.lat\/listings\/wp-json\/wp\/v2\/pages\/1393?wplpage=3\">3<\/a><\/li><li><a href=\"https:\/\/nmrk.lat\/listings\/wp-json\/wp\/v2\/pages\/1393?wplpage=4\">4<\/a><\/li><li><a href=\"https:\/\/nmrk.lat\/listings\/wp-json\/wp\/v2\/pages\/1393?wplpage=5\">5<\/a><\/li><li><span>...<\/span><\/li><li><a href=\"https:\/\/nmrk.lat\/listings\/wp-json\/wp\/v2\/pages\/1393?wplpage=14\">14<\/a><\/li><li><a href=\"https:\/\/nmrk.lat\/listings\/wp-json\/wp\/v2\/pages\/1393?wplpage=15\">15<\/a><\/li><li class=\"next\"><a href=\"https:\/\/nmrk.lat\/listings\/wp-json\/wp\/v2\/pages\/1393?wplpage=2\">Siguiente<\/a><\/ul>\n<span class=\"wpl_total_result\">178 Resultados devueltos.<\/span><span class=\"wpl_page_size\"><span class=\"wpl_page_size_title\">Por P\u00e1gina <\/span><select class=\"wpl_page_size_options\" onchange=\"wpl_pagesize_changed(this.value);\"><option value=\"6\" >6<\/option><option value=\"12\" selected=\"selected\">12<\/option><option value=\"18\" >18<\/option><option value=\"24\" >24<\/option><\/select><\/span><\/div>\r\n    <\/div>\r\n    \r\n        <div id=\"wpl_plisting_lightbox_content_container\" class=\"wpl-util-hidden\"><\/div>\r\n\r\n        <a id=\"wpl_favorites_lightbox\" class=\"wpl-util-hidden\" data-realtyna-href=\"#wpl_plisting_lightbox_content_container\" data-realtyna-lightbox-opts=\"title:Inicia sesi\u00f3n para continuar\"><\/a>\r\n\r\n<\/div>\r\n\r\n\r\n<\/div>\n\t\t\t\t\t\t<\/div>\n\t\t\t\t<\/div>\n\t\t\t\t\t<\/div>\n\t\t<\/div>\n\t\t\t\t\t<\/div>\n\t\t<\/section>\n\t\t\t\t<\/div>\n\t\t","protected":false},"excerpt":{"rendered":"<p>Propiedades en comercializaci\u00f3n Explora diversos tipos de propiedades que nos encontramos comercializando en Am\u00e9rica Latina.<\/p>\n","protected":false},"author":1,"featured_media":0,"parent":0,"menu_order":0,"comment_status":"closed","ping_status":"closed","template":"elementor_header_footer","meta":{"footnotes":""},"class_list":["post-1393","page","type-page","status-publish","hentry"],"_links":{"self":[{"href":"https:\/\/nmrk.lat\/listings\/wp-json\/wp\/v2\/pages\/1393","targetHints":{"allow":["GET"]}}],"collection":[{"href":"https:\/\/nmrk.lat\/listings\/wp-json\/wp\/v2\/pages"}],"about":[{"href":"https:\/\/nmrk.lat\/listings\/wp-json\/wp\/v2\/types\/page"}],"author":[{"embeddable":true,"href":"https:\/\/nmrk.lat\/listings\/wp-json\/wp\/v2\/users\/1"}],"replies":[{"embeddable":true,"href":"https:\/\/nmrk.lat\/listings\/wp-json\/wp\/v2\/comments?post=1393"}],"version-history":[{"count":87,"href":"https:\/\/nmrk.lat\/listings\/wp-json\/wp\/v2\/pages\/1393\/revisions"}],"predecessor-version":[{"id":2004,"href":"https:\/\/nmrk.lat\/listings\/wp-json\/wp\/v2\/pages\/1393\/revisions\/2004"}],"wp:attachment":[{"href":"https:\/\/nmrk.lat\/listings\/wp-json\/wp\/v2\/media?parent=1393"}],"curies":[{"name":"wp","href":"https:\/\/api.w.org\/{rel}","templated":true}]}}